{"id":77,"date":"2018-01-31T11:18:15","date_gmt":"2018-01-31T11:18:15","guid":{"rendered":"http:\/\/bridge144.qodeinteractive.com\/?page_id=77"},"modified":"2020-08-31T10:06:44","modified_gmt":"2020-08-31T13:06:44","slug":"home-2","status":"publish","type":"page","link":"https:\/\/boutiqueeventos.com.br\/site\/","title":{"rendered":"Home"},"content":{"rendered":"<p>[vc_row css_animation=&#8221;&#8221; row_type=&#8221;row&#8221; use_row_as_full_screen_section=&#8221;no&#8221; type=&#8221;full_width&#8221; angled_section=&#8221;no&#8221; text_align=&#8221;left&#8221; background_image_as_pattern=&#8221;without_pattern&#8221; z_index=&#8221;&#8221;][vc_column][rev_slider_vc alias=&#8221;home-slider&#8221;][\/vc_column][\/vc_row][vc_row css_animation=&#8221;&#8221; row_type=&#8221;row&#8221; use_row_as_full_screen_section=&#8221;no&#8221; type=&#8221;full_width&#8221; angled_section=&#8221;no&#8221; text_align=&#8221;left&#8221; background_image_as_pattern=&#8221;without_pattern&#8221; padding_top=&#8221;43&#8243; padding_bottom=&#8221;3&#8243; css=&#8221;.vc_custom_1517397682467{background-color: #ffffff !important;}&#8221; z_index=&#8221;&#8221;][vc_column][qode_clients columns=&#8221;six_columns&#8221; hover_effect=&#8221;switch_img&#8221; switch_effect=&#8221;switch_fade&#8221; disable_separators=&#8221;yes&#8221;][\/qode_clients][\/vc_column][\/vc_row][vc_row css_animation=&#8221;&#8221; row_type=&#8221;row&#8221; use_row_as_full_screen_section=&#8221;no&#8221; type=&#8221;grid&#8221; angled_section=&#8221;no&#8221; text_align=&#8221;left&#8221; background_image_as_pattern=&#8221;without_pattern&#8221; padding_top=&#8221;111&#8243; padding_bottom=&#8221;107&#8243; z_index=&#8221;&#8221;][vc_column][vc_row_inner row_type=&#8221;row&#8221; type=&#8221;full_width&#8221; text_align=&#8221;left&#8221; css_animation=&#8221;&#8221;][vc_column_inner offset=&#8221;vc_col-md-4&#8243;][qode_elements_holder number_of_columns=&#8221;one_column&#8221;][qode_elements_holder_item item_padding=&#8221;0px 0px 0 109px&#8221; vertical_alignment=&#8221;top&#8221; horizontal_alignment=&#8221;right&#8221; advanced_animations=&#8221;no&#8221;][vc_column_text]<\/p>\n<h2>SAIBA MAIS SOBRE N\u00d3S<\/h2>\n<p>[\/vc_column_text][vc_separator type=&#8221;small&#8221; position=&#8221;right&#8221; color=&#8221;#333333&#8243; transparency=&#8221;1&#8243; thickness=&#8221;2&#8243; width=&#8221;26&#8243; up=&#8221;9&#8243; down=&#8221;10&#8243;][\/qode_elements_holder_item][\/qode_elements_holder][\/vc_column_inner][vc_column_inner offset=&#8221;vc_col-md-8&#8243;][qode_elements_holder number_of_columns=&#8221;one_column&#8221;][qode_elements_holder_item item_padding=&#8221;0px 89px 0 23px&#8221; vertical_alignment=&#8221;top&#8221; horizontal_alignment=&#8221;left&#8221; advanced_animations=&#8221;no&#8221; item_padding_600_768=&#8221;30px 0px 0 0px&#8221; item_padding_480_600=&#8221;30px 0px 0 0px&#8221; item_padding_480=&#8221;30px 0px 0 0px&#8221;][vc_separator type=&#8221;transparent&#8221; up=&#8221;-13&#8243;][vc_column_text]H\u00e1 mais de 15 anos no mercado, a empresa Boutique de Eventos atua no cen\u00e1rio de festas e eventos em todo territ\u00f3rio nacional, oferecendo uma variedade de produtos e servi\u00e7os como loca\u00e7\u00f5es de mobili\u00e1rios, objetos de decora\u00e7\u00f5es, cenografias, coberturas, montagens especiais e decora\u00e7\u00f5es para eventos.[\/vc_column_text][vc_empty_space height=&#8221;29px&#8221;][\/qode_elements_holder_item][\/qode_elements_holder][\/vc_column_inner][\/vc_row_inner][\/vc_column][\/vc_row][vc_row css_animation=&#8221;&#8221; row_type=&#8221;row&#8221; use_row_as_full_screen_section=&#8221;no&#8221; type=&#8221;grid&#8221; angled_section=&#8221;no&#8221; text_align=&#8221;left&#8221; background_image_as_pattern=&#8221;without_pattern&#8221; z_index=&#8221;&#8221;][vc_column][vc_column_text]<\/p>\n<h2 style=\"text-align: center;\">DESTAQUES<\/h2>\n<p>[\/vc_column_text]<div class=\"woocommerce columns-4 \"><ul class=\"products\">\n\t<li class=\"product type-product post-9274 status-publish first instock product_cat-aparadores has-post-thumbnail featured shipping-taxable product-type-simple\">\n\t\t\n    <div class=\"top-product-section\">\n\n        <a itemprop=\"url\" href=\"https:\/\/boutiqueeventos.com.br\/site\/produto\/aparador-em-madeira-cerimonia-green-ref-1034001\/\" class=\"product-category\">\n            <span class=\"image-wrapper\">\n            <img loading=\"lazy\" decoding=\"async\" width=\"300\" height=\"300\" src=\"https:\/\/boutiqueeventos.com.br\/site\/wp-content\/uploads\/2025\/02\/WhatsApp-Image-2025-02-13-at-09.56.00-300x300.jpeg\" class=\"attachment-woocommerce_thumbnail size-woocommerce_thumbnail\" alt=\"\" srcset=\"https:\/\/boutiqueeventos.com.br\/site\/wp-content\/uploads\/2025\/02\/WhatsApp-Image-2025-02-13-at-09.56.00-300x300.jpeg 300w, https:\/\/boutiqueeventos.com.br\/site\/wp-content\/uploads\/2025\/02\/WhatsApp-Image-2025-02-13-at-09.56.00-150x150.jpeg 150w, https:\/\/boutiqueeventos.com.br\/site\/wp-content\/uploads\/2025\/02\/WhatsApp-Image-2025-02-13-at-09.56.00-570x570.jpeg 570w, https:\/\/boutiqueeventos.com.br\/site\/wp-content\/uploads\/2025\/02\/WhatsApp-Image-2025-02-13-at-09.56.00-500x500.jpeg 500w, https:\/\/boutiqueeventos.com.br\/site\/wp-content\/uploads\/2025\/02\/WhatsApp-Image-2025-02-13-at-09.56.00-1000x1000.jpeg 1000w, https:\/\/boutiqueeventos.com.br\/site\/wp-content\/uploads\/2025\/02\/WhatsApp-Image-2025-02-13-at-09.56.00-100x100.jpeg 100w\" sizes=\"(max-width: 300px) 100vw, 300px\" \/>            <\/span>\n        <\/a>\n\n\t\t<span class=\"add-to-cart-button-outer\"><span class=\"add-to-cart-button-inner\"><a href=\"https:\/\/boutiqueeventos.com.br\/site\/produto\/aparador-em-madeira-cerimonia-green-ref-1034001\/\" data-quantity=\"1\" class=\"button product_type_simple qbutton add-to-cart-button\" data-product_id=\"9274\" data-product_sku=\"\" aria-label=\"Leia mais sobre &ldquo;Aparador em madeira cerim\u00f4nia green - REF 1034001&rdquo;\" aria-describedby=\"\" rel=\"nofollow\">Leia mais<\/a><\/span><\/span>\n    <\/div>\n        <a itemprop=\"url\" href=\"https:\/\/boutiqueeventos.com.br\/site\/produto\/aparador-em-madeira-cerimonia-green-ref-1034001\/\" class=\"product-category product-info\">\n        <h6 itemprop=\"name\">Aparador em madeira cerim\u00f4nia green &#8211; REF 1034001<\/h6>\n\n        \n        \n    <\/a>\n\n    \n<\/li>\n\t<li class=\"product type-product post-9263 status-publish instock product_cat-puffs has-post-thumbnail featured shipping-taxable product-type-simple\">\n\t\t\n    <div class=\"top-product-section\">\n\n        <a itemprop=\"url\" href=\"https:\/\/boutiqueeventos.com.br\/site\/produto\/puff-meia-lua-ripado-madeira-estofado-160x040m-ref-1026466\/\" class=\"product-category\">\n            <span class=\"image-wrapper\">\n            <img loading=\"lazy\" decoding=\"async\" width=\"300\" height=\"300\" src=\"https:\/\/boutiqueeventos.com.br\/site\/wp-content\/uploads\/2025\/02\/WhatsApp-Image-2025-01-23-at-14.36.03-1-300x300.jpeg\" class=\"attachment-woocommerce_thumbnail size-woocommerce_thumbnail\" alt=\"\" srcset=\"https:\/\/boutiqueeventos.com.br\/site\/wp-content\/uploads\/2025\/02\/WhatsApp-Image-2025-01-23-at-14.36.03-1-300x300.jpeg 300w, https:\/\/boutiqueeventos.com.br\/site\/wp-content\/uploads\/2025\/02\/WhatsApp-Image-2025-01-23-at-14.36.03-1-150x150.jpeg 150w, https:\/\/boutiqueeventos.com.br\/site\/wp-content\/uploads\/2025\/02\/WhatsApp-Image-2025-01-23-at-14.36.03-1-570x570.jpeg 570w, https:\/\/boutiqueeventos.com.br\/site\/wp-content\/uploads\/2025\/02\/WhatsApp-Image-2025-01-23-at-14.36.03-1-500x500.jpeg 500w, https:\/\/boutiqueeventos.com.br\/site\/wp-content\/uploads\/2025\/02\/WhatsApp-Image-2025-01-23-at-14.36.03-1-1000x1000.jpeg 1000w, https:\/\/boutiqueeventos.com.br\/site\/wp-content\/uploads\/2025\/02\/WhatsApp-Image-2025-01-23-at-14.36.03-1-100x100.jpeg 100w\" sizes=\"(max-width: 300px) 100vw, 300px\" \/>            <\/span>\n        <\/a>\n\n\t\t<span class=\"add-to-cart-button-outer\"><span class=\"add-to-cart-button-inner\"><a href=\"https:\/\/boutiqueeventos.com.br\/site\/produto\/puff-meia-lua-ripado-madeira-estofado-160x040m-ref-1026466\/\" data-quantity=\"1\" class=\"button product_type_simple qbutton add-to-cart-button\" data-product_id=\"9263\" data-product_sku=\"\" aria-label=\"Leia mais sobre &ldquo;Puff meia lua ripado madeira estofado 1,60x0,40m - REF 1026466&rdquo;\" aria-describedby=\"\" rel=\"nofollow\">Leia mais<\/a><\/span><\/span>\n    <\/div>\n        <a itemprop=\"url\" href=\"https:\/\/boutiqueeventos.com.br\/site\/produto\/puff-meia-lua-ripado-madeira-estofado-160x040m-ref-1026466\/\" class=\"product-category product-info\">\n        <h6 itemprop=\"name\">Puff meia lua ripado madeira estofado 1,60&#215;0,40m &#8211; REF 1026466<\/h6>\n\n        \n        \n    <\/a>\n\n    \n<\/li>\n\t<li class=\"product type-product post-9215 status-publish instock product_cat-destaques product_cat-mesa-redonda product_cat-mesas-retangulares has-post-thumbnail featured shipping-taxable product-type-simple\">\n\t\t\n    <div class=\"top-product-section\">\n\n        <a itemprop=\"url\" href=\"https:\/\/boutiqueeventos.com.br\/site\/produto\/mesa-madeira-organica-barcelona-ref-1007516\/\" class=\"product-category\">\n            <span class=\"image-wrapper\">\n            <img loading=\"lazy\" decoding=\"async\" width=\"300\" height=\"300\" src=\"https:\/\/boutiqueeventos.com.br\/site\/wp-content\/uploads\/2024\/12\/mesa-organica-madeira-300x300.png\" class=\"attachment-woocommerce_thumbnail size-woocommerce_thumbnail\" alt=\"\" srcset=\"https:\/\/boutiqueeventos.com.br\/site\/wp-content\/uploads\/2024\/12\/mesa-organica-madeira-300x300.png 300w, https:\/\/boutiqueeventos.com.br\/site\/wp-content\/uploads\/2024\/12\/mesa-organica-madeira-150x150.png 150w, https:\/\/boutiqueeventos.com.br\/site\/wp-content\/uploads\/2024\/12\/mesa-organica-madeira-570x570.png 570w, https:\/\/boutiqueeventos.com.br\/site\/wp-content\/uploads\/2024\/12\/mesa-organica-madeira-500x500.png 500w, https:\/\/boutiqueeventos.com.br\/site\/wp-content\/uploads\/2024\/12\/mesa-organica-madeira-1000x1000.png 1000w, https:\/\/boutiqueeventos.com.br\/site\/wp-content\/uploads\/2024\/12\/mesa-organica-madeira-100x100.png 100w\" sizes=\"(max-width: 300px) 100vw, 300px\" \/>            <\/span>\n        <\/a>\n\n\t\t<span class=\"add-to-cart-button-outer\"><span class=\"add-to-cart-button-inner\"><a href=\"https:\/\/boutiqueeventos.com.br\/site\/produto\/mesa-madeira-organica-barcelona-ref-1007516\/\" data-quantity=\"1\" class=\"button product_type_simple qbutton add-to-cart-button\" data-product_id=\"9215\" data-product_sku=\"\" aria-label=\"Leia mais sobre &ldquo;Mesa Madeira Org\u00e2nica Barcelona - REF 1007516&rdquo;\" aria-describedby=\"\" rel=\"nofollow\">Leia mais<\/a><\/span><\/span>\n    <\/div>\n        <a itemprop=\"url\" href=\"https:\/\/boutiqueeventos.com.br\/site\/produto\/mesa-madeira-organica-barcelona-ref-1007516\/\" class=\"product-category product-info\">\n        <h6 itemprop=\"name\">Mesa Madeira Org\u00e2nica Barcelona &#8211; REF 1007516<\/h6>\n\n        \n        \n    <\/a>\n\n    \n<\/li>\n\t<li class=\"product type-product post-8988 status-publish last instock product_cat-puffs product_cat-sofas has-post-thumbnail featured shipping-taxable product-type-simple\">\n\t\t\n    <div class=\"top-product-section\">\n\n        <a itemprop=\"url\" href=\"https:\/\/boutiqueeventos.com.br\/site\/produto\/puff-organico-ibiza-ref-806273\/\" class=\"product-category\">\n            <span class=\"image-wrapper\">\n            <img loading=\"lazy\" decoding=\"async\" width=\"300\" height=\"300\" src=\"https:\/\/boutiqueeventos.com.br\/site\/wp-content\/uploads\/2024\/04\/WhatsApp-Image-2025-02-10-at-16.38.24-300x300.jpeg\" class=\"attachment-woocommerce_thumbnail size-woocommerce_thumbnail\" alt=\"\" srcset=\"https:\/\/boutiqueeventos.com.br\/site\/wp-content\/uploads\/2024\/04\/WhatsApp-Image-2025-02-10-at-16.38.24-300x300.jpeg 300w, https:\/\/boutiqueeventos.com.br\/site\/wp-content\/uploads\/2024\/04\/WhatsApp-Image-2025-02-10-at-16.38.24-150x150.jpeg 150w, https:\/\/boutiqueeventos.com.br\/site\/wp-content\/uploads\/2024\/04\/WhatsApp-Image-2025-02-10-at-16.38.24-570x570.jpeg 570w, https:\/\/boutiqueeventos.com.br\/site\/wp-content\/uploads\/2024\/04\/WhatsApp-Image-2025-02-10-at-16.38.24-500x500.jpeg 500w, https:\/\/boutiqueeventos.com.br\/site\/wp-content\/uploads\/2024\/04\/WhatsApp-Image-2025-02-10-at-16.38.24-100x100.jpeg 100w\" sizes=\"(max-width: 300px) 100vw, 300px\" \/>            <\/span>\n        <\/a>\n\n\t\t<span class=\"add-to-cart-button-outer\"><span class=\"add-to-cart-button-inner\"><a href=\"https:\/\/boutiqueeventos.com.br\/site\/produto\/puff-organico-ibiza-ref-806273\/\" data-quantity=\"1\" class=\"button product_type_simple qbutton add-to-cart-button\" data-product_id=\"8988\" data-product_sku=\"\" aria-label=\"Leia mais sobre &ldquo;Puff Org\u00e2nico Ibiza - REF 806273&rdquo;\" aria-describedby=\"\" rel=\"nofollow\">Leia mais<\/a><\/span><\/span>\n    <\/div>\n        <a itemprop=\"url\" href=\"https:\/\/boutiqueeventos.com.br\/site\/produto\/puff-organico-ibiza-ref-806273\/\" class=\"product-category product-info\">\n        <h6 itemprop=\"name\">Puff Org\u00e2nico Ibiza &#8211; REF 806273<\/h6>\n\n        \n        \n    <\/a>\n\n    \n<\/li>\n\t<li class=\"product type-product post-8959 status-publish first instock product_cat-estantes has-post-thumbnail featured shipping-taxable product-type-simple\">\n\t\t\n    <div class=\"top-product-section\">\n\n        <a itemprop=\"url\" href=\"https:\/\/boutiqueeventos.com.br\/site\/produto\/estante-provenca-metal-dourado-e-vidro-ref-834087\/\" class=\"product-category\">\n            <span class=\"image-wrapper\">\n            <img loading=\"lazy\" decoding=\"async\" width=\"300\" height=\"300\" src=\"https:\/\/boutiqueeventos.com.br\/site\/wp-content\/uploads\/2024\/03\/Estante-provenca-metal-dourado-e-vidro-300x300.jpeg\" class=\"attachment-woocommerce_thumbnail size-woocommerce_thumbnail\" alt=\"\" srcset=\"https:\/\/boutiqueeventos.com.br\/site\/wp-content\/uploads\/2024\/03\/Estante-provenca-metal-dourado-e-vidro-300x300.jpeg 300w, https:\/\/boutiqueeventos.com.br\/site\/wp-content\/uploads\/2024\/03\/Estante-provenca-metal-dourado-e-vidro-150x150.jpeg 150w, https:\/\/boutiqueeventos.com.br\/site\/wp-content\/uploads\/2024\/03\/Estante-provenca-metal-dourado-e-vidro-570x570.jpeg 570w, https:\/\/boutiqueeventos.com.br\/site\/wp-content\/uploads\/2024\/03\/Estante-provenca-metal-dourado-e-vidro-500x500.jpeg 500w, https:\/\/boutiqueeventos.com.br\/site\/wp-content\/uploads\/2024\/03\/Estante-provenca-metal-dourado-e-vidro-1000x1000.jpeg 1000w, https:\/\/boutiqueeventos.com.br\/site\/wp-content\/uploads\/2024\/03\/Estante-provenca-metal-dourado-e-vidro-100x100.jpeg 100w\" sizes=\"(max-width: 300px) 100vw, 300px\" \/>            <\/span>\n        <\/a>\n\n\t\t<span class=\"add-to-cart-button-outer\"><span class=\"add-to-cart-button-inner\"><a href=\"https:\/\/boutiqueeventos.com.br\/site\/produto\/estante-provenca-metal-dourado-e-vidro-ref-834087\/\" data-quantity=\"1\" class=\"button product_type_simple qbutton add-to-cart-button\" data-product_id=\"8959\" data-product_sku=\"\" aria-label=\"Leia mais sobre &ldquo;Estante Proven\u00e7a Metal Dourado e Vidro - REF 834087&rdquo;\" aria-describedby=\"\" rel=\"nofollow\">Leia mais<\/a><\/span><\/span>\n    <\/div>\n        <a itemprop=\"url\" href=\"https:\/\/boutiqueeventos.com.br\/site\/produto\/estante-provenca-metal-dourado-e-vidro-ref-834087\/\" class=\"product-category product-info\">\n        <h6 itemprop=\"name\">Estante Proven\u00e7a Metal Dourado e Vidro &#8211; REF 834087<\/h6>\n\n        \n        \n    <\/a>\n\n    \n<\/li>\n\t<li class=\"product type-product post-8406 status-publish instock product_cat-sofas has-post-thumbnail featured shipping-taxable product-type-simple\">\n\t\t\n    <div class=\"top-product-section\">\n\n        <a itemprop=\"url\" href=\"https:\/\/boutiqueeventos.com.br\/site\/produto\/sofa-03-lugares-verona-madeira-e-linho-ref-694888\/\" class=\"product-category\">\n            <span class=\"image-wrapper\">\n            <img loading=\"lazy\" decoding=\"async\" width=\"300\" height=\"300\" src=\"https:\/\/boutiqueeventos.com.br\/site\/wp-content\/uploads\/2023\/07\/WhatsApp-Image-2023-07-18-at-10.04.11-300x300.jpeg\" class=\"attachment-woocommerce_thumbnail size-woocommerce_thumbnail\" alt=\"\" srcset=\"https:\/\/boutiqueeventos.com.br\/site\/wp-content\/uploads\/2023\/07\/WhatsApp-Image-2023-07-18-at-10.04.11-300x300.jpeg 300w, https:\/\/boutiqueeventos.com.br\/site\/wp-content\/uploads\/2023\/07\/WhatsApp-Image-2023-07-18-at-10.04.11-150x150.jpeg 150w, https:\/\/boutiqueeventos.com.br\/site\/wp-content\/uploads\/2023\/07\/WhatsApp-Image-2023-07-18-at-10.04.11-570x570.jpeg 570w, https:\/\/boutiqueeventos.com.br\/site\/wp-content\/uploads\/2023\/07\/WhatsApp-Image-2023-07-18-at-10.04.11-500x500.jpeg 500w, https:\/\/boutiqueeventos.com.br\/site\/wp-content\/uploads\/2023\/07\/WhatsApp-Image-2023-07-18-at-10.04.11-100x100.jpeg 100w\" sizes=\"(max-width: 300px) 100vw, 300px\" \/>            <\/span>\n        <\/a>\n\n\t\t<span class=\"add-to-cart-button-outer\"><span class=\"add-to-cart-button-inner\"><a href=\"https:\/\/boutiqueeventos.com.br\/site\/produto\/sofa-03-lugares-verona-madeira-e-linho-ref-694888\/\" data-quantity=\"1\" class=\"button product_type_simple qbutton add-to-cart-button\" data-product_id=\"8406\" data-product_sku=\"\" aria-label=\"Leia mais sobre &ldquo;Sof\u00e1 03 lugares Verona madeira e linho - REF 694888&rdquo;\" aria-describedby=\"\" rel=\"nofollow\">Leia mais<\/a><\/span><\/span>\n    <\/div>\n        <a itemprop=\"url\" href=\"https:\/\/boutiqueeventos.com.br\/site\/produto\/sofa-03-lugares-verona-madeira-e-linho-ref-694888\/\" class=\"product-category product-info\">\n        <h6 itemprop=\"name\">Sof\u00e1 03 lugares Verona madeira e linho &#8211; REF 694888<\/h6>\n\n        \n        \n    <\/a>\n\n    \n<\/li>\n\t<li class=\"product type-product post-8080 status-publish instock product_cat-sofas has-post-thumbnail featured shipping-taxable product-type-simple\">\n\t\t\n    <div class=\"top-product-section\">\n\n        <a itemprop=\"url\" href=\"https:\/\/boutiqueeventos.com.br\/site\/produto\/sofa-curve-suede-verde-ref-133623\/\" class=\"product-category\">\n            <span class=\"image-wrapper\">\n            <img loading=\"lazy\" decoding=\"async\" width=\"300\" height=\"300\" src=\"https:\/\/boutiqueeventos.com.br\/site\/wp-content\/uploads\/2023\/02\/Sof\u00e1-Curvo-Suede-Verde-Site-300x300.png\" class=\"attachment-woocommerce_thumbnail size-woocommerce_thumbnail\" alt=\"\" srcset=\"https:\/\/boutiqueeventos.com.br\/site\/wp-content\/uploads\/2023\/02\/Sof\u00e1-Curvo-Suede-Verde-Site-300x300.png 300w, https:\/\/boutiqueeventos.com.br\/site\/wp-content\/uploads\/2023\/02\/Sof\u00e1-Curvo-Suede-Verde-Site-1024x1024.png 1024w, https:\/\/boutiqueeventos.com.br\/site\/wp-content\/uploads\/2023\/02\/Sof\u00e1-Curvo-Suede-Verde-Site-150x150.png 150w, https:\/\/boutiqueeventos.com.br\/site\/wp-content\/uploads\/2023\/02\/Sof\u00e1-Curvo-Suede-Verde-Site-768x768.png 768w, https:\/\/boutiqueeventos.com.br\/site\/wp-content\/uploads\/2023\/02\/Sof\u00e1-Curvo-Suede-Verde-Site-570x570.png 570w, https:\/\/boutiqueeventos.com.br\/site\/wp-content\/uploads\/2023\/02\/Sof\u00e1-Curvo-Suede-Verde-Site-500x500.png 500w, https:\/\/boutiqueeventos.com.br\/site\/wp-content\/uploads\/2023\/02\/Sof\u00e1-Curvo-Suede-Verde-Site-1000x1000.png 1000w, https:\/\/boutiqueeventos.com.br\/site\/wp-content\/uploads\/2023\/02\/Sof\u00e1-Curvo-Suede-Verde-Site-700x700.png 700w, https:\/\/boutiqueeventos.com.br\/site\/wp-content\/uploads\/2023\/02\/Sof\u00e1-Curvo-Suede-Verde-Site-600x600.png 600w, https:\/\/boutiqueeventos.com.br\/site\/wp-content\/uploads\/2023\/02\/Sof\u00e1-Curvo-Suede-Verde-Site-100x100.png 100w, https:\/\/boutiqueeventos.com.br\/site\/wp-content\/uploads\/2023\/02\/Sof\u00e1-Curvo-Suede-Verde-Site.png 1512w\" sizes=\"(max-width: 300px) 100vw, 300px\" \/>            <\/span>\n        <\/a>\n\n\t\t<span class=\"add-to-cart-button-outer\"><span class=\"add-to-cart-button-inner\"><a href=\"https:\/\/boutiqueeventos.com.br\/site\/produto\/sofa-curve-suede-verde-ref-133623\/\" data-quantity=\"1\" class=\"button product_type_simple qbutton add-to-cart-button\" data-product_id=\"8080\" data-product_sku=\"\" aria-label=\"Leia mais sobre &ldquo;Sof\u00e1 Curve Suede Verde - REF 133623&rdquo;\" aria-describedby=\"\" rel=\"nofollow\">Leia mais<\/a><\/span><\/span>\n    <\/div>\n        <a itemprop=\"url\" href=\"https:\/\/boutiqueeventos.com.br\/site\/produto\/sofa-curve-suede-verde-ref-133623\/\" class=\"product-category product-info\">\n        <h6 itemprop=\"name\">Sof\u00e1 Curve Suede Verde &#8211; REF 133623<\/h6>\n\n        \n        \n    <\/a>\n\n    \n<\/li>\n\t<li class=\"product type-product post-7641 status-publish last instock product_cat-bar has-post-thumbnail featured shipping-taxable product-type-simple\">\n\t\t\n    <div class=\"top-product-section\">\n\n        <a itemprop=\"url\" href=\"https:\/\/boutiqueeventos.com.br\/site\/produto\/modulo-de-bar-curvo-ripado-madeira-160x100x050m-ref-446968\/\" class=\"product-category\">\n            <span class=\"image-wrapper\">\n            <img loading=\"lazy\" decoding=\"async\" width=\"300\" height=\"300\" src=\"https:\/\/boutiqueeventos.com.br\/site\/wp-content\/uploads\/2022\/05\/Bar-ripado-5-300x300.jpeg\" class=\"attachment-woocommerce_thumbnail size-woocommerce_thumbnail\" alt=\"\" srcset=\"https:\/\/boutiqueeventos.com.br\/site\/wp-content\/uploads\/2022\/05\/Bar-ripado-5-300x300.jpeg 300w, https:\/\/boutiqueeventos.com.br\/site\/wp-content\/uploads\/2022\/05\/Bar-ripado-5-150x150.jpeg 150w, https:\/\/boutiqueeventos.com.br\/site\/wp-content\/uploads\/2022\/05\/Bar-ripado-5-570x570.jpeg 570w, https:\/\/boutiqueeventos.com.br\/site\/wp-content\/uploads\/2022\/05\/Bar-ripado-5-500x500.jpeg 500w, https:\/\/boutiqueeventos.com.br\/site\/wp-content\/uploads\/2022\/05\/Bar-ripado-5-100x100.jpeg 100w\" sizes=\"(max-width: 300px) 100vw, 300px\" \/>            <\/span>\n        <\/a>\n\n\t\t<span class=\"add-to-cart-button-outer\"><span class=\"add-to-cart-button-inner\"><a href=\"https:\/\/boutiqueeventos.com.br\/site\/produto\/modulo-de-bar-curvo-ripado-madeira-160x100x050m-ref-446968\/\" data-quantity=\"1\" class=\"button product_type_simple qbutton add-to-cart-button\" data-product_id=\"7641\" data-product_sku=\"\" aria-label=\"Leia mais sobre &ldquo;M\u00f3dulo de bar curvo ripado madeira 1,60x1,00x0,50m - REF 446968&rdquo;\" aria-describedby=\"\" rel=\"nofollow\">Leia mais<\/a><\/span><\/span>\n    <\/div>\n        <a itemprop=\"url\" href=\"https:\/\/boutiqueeventos.com.br\/site\/produto\/modulo-de-bar-curvo-ripado-madeira-160x100x050m-ref-446968\/\" class=\"product-category product-info\">\n        <h6 itemprop=\"name\">M\u00f3dulo de bar curvo ripado madeira 1,60&#215;1,00&#215;0,50m &#8211; REF 446968<\/h6>\n\n        \n        \n    <\/a>\n\n    \n<\/li>\n\t<li class=\"product type-product post-7205 status-publish first instock product_cat-destaques product_cat-estantes has-post-thumbnail featured shipping-taxable product-type-simple\">\n\t\t\n    <div class=\"top-product-section\">\n\n        <a itemprop=\"url\" href=\"https:\/\/boutiqueeventos.com.br\/site\/produto\/estante-rattan-ref-324711\/\" class=\"product-category\">\n            <span class=\"image-wrapper\">\n            <img loading=\"lazy\" decoding=\"async\" width=\"300\" height=\"300\" src=\"https:\/\/boutiqueeventos.com.br\/site\/wp-content\/uploads\/2021\/08\/estante-rattan-2-300x300.jpg\" class=\"attachment-woocommerce_thumbnail size-woocommerce_thumbnail\" alt=\"\" srcset=\"https:\/\/boutiqueeventos.com.br\/site\/wp-content\/uploads\/2021\/08\/estante-rattan-2-300x300.jpg 300w, https:\/\/boutiqueeventos.com.br\/site\/wp-content\/uploads\/2021\/08\/estante-rattan-2-150x150.jpg 150w, https:\/\/boutiqueeventos.com.br\/site\/wp-content\/uploads\/2021\/08\/estante-rattan-2-100x100.jpg 100w\" sizes=\"(max-width: 300px) 100vw, 300px\" \/>            <\/span>\n        <\/a>\n\n\t\t<span class=\"add-to-cart-button-outer\"><span class=\"add-to-cart-button-inner\"><a href=\"https:\/\/boutiqueeventos.com.br\/site\/produto\/estante-rattan-ref-324711\/\" data-quantity=\"1\" class=\"button product_type_simple qbutton add-to-cart-button\" data-product_id=\"7205\" data-product_sku=\"\" aria-label=\"Leia mais sobre &ldquo;Estante rattan - REF 324711&rdquo;\" aria-describedby=\"\" rel=\"nofollow\">Leia mais<\/a><\/span><\/span>\n    <\/div>\n        <a itemprop=\"url\" href=\"https:\/\/boutiqueeventos.com.br\/site\/produto\/estante-rattan-ref-324711\/\" class=\"product-category product-info\">\n        <h6 itemprop=\"name\">Estante rattan &#8211; REF 324711<\/h6>\n\n        \n        \n    <\/a>\n\n    \n<\/li>\n\t<li class=\"product type-product post-6023 status-publish instock product_cat-comoda has-post-thumbnail featured shipping-taxable product-type-simple\">\n\t\t\n    <div class=\"top-product-section\">\n\n        <a itemprop=\"url\" href=\"https:\/\/boutiqueeventos.com.br\/site\/produto\/comoda-madeira-branca-120x045m-ref-218938\/\" class=\"product-category\">\n            <span class=\"image-wrapper\">\n            <img loading=\"lazy\" decoding=\"async\" width=\"300\" height=\"300\" src=\"https:\/\/boutiqueeventos.com.br\/site\/wp-content\/uploads\/2021\/02\/Comoda-3-Copia-1-300x300.jpeg\" class=\"attachment-woocommerce_thumbnail size-woocommerce_thumbnail\" alt=\"\" srcset=\"https:\/\/boutiqueeventos.com.br\/site\/wp-content\/uploads\/2021\/02\/Comoda-3-Copia-1-300x300.jpeg 300w, https:\/\/boutiqueeventos.com.br\/site\/wp-content\/uploads\/2021\/02\/Comoda-3-Copia-1-150x150.jpeg 150w, https:\/\/boutiqueeventos.com.br\/site\/wp-content\/uploads\/2021\/02\/Comoda-3-Copia-1-100x100.jpeg 100w, https:\/\/boutiqueeventos.com.br\/site\/wp-content\/uploads\/2021\/02\/Comoda-3-Copia-1.jpeg 480w\" sizes=\"(max-width: 300px) 100vw, 300px\" \/>            <\/span>\n        <\/a>\n\n\t\t<span class=\"add-to-cart-button-outer\"><span class=\"add-to-cart-button-inner\"><a href=\"https:\/\/boutiqueeventos.com.br\/site\/produto\/comoda-madeira-branca-120x045m-ref-218938\/\" data-quantity=\"1\" class=\"button product_type_simple qbutton add-to-cart-button\" data-product_id=\"6023\" data-product_sku=\"\" aria-label=\"Leia mais sobre &ldquo;C\u00f4moda madeira branca - REF 218938&rdquo;\" aria-describedby=\"\" rel=\"nofollow\">Leia mais<\/a><\/span><\/span>\n    <\/div>\n        <a itemprop=\"url\" href=\"https:\/\/boutiqueeventos.com.br\/site\/produto\/comoda-madeira-branca-120x045m-ref-218938\/\" class=\"product-category product-info\">\n        <h6 itemprop=\"name\">C\u00f4moda madeira branca &#8211; REF 218938<\/h6>\n\n        \n        \n    <\/a>\n\n    \n<\/li>\n\t<li class=\"product type-product post-6018 status-publish instock product_cat-gazebos-traves-e-arcos has-post-thumbnail featured shipping-taxable product-type-simple\">\n\t\t\n    <div class=\"top-product-section\">\n\n        <a itemprop=\"url\" href=\"https:\/\/boutiqueeventos.com.br\/site\/produto\/portal-de-entrada-para-cerimonia-ref-263790\/\" class=\"product-category\">\n            <span class=\"image-wrapper\">\n            <img loading=\"lazy\" decoding=\"async\" width=\"300\" height=\"300\" src=\"https:\/\/boutiqueeventos.com.br\/site\/wp-content\/uploads\/2021\/02\/Portal-cerimonia-1-Copia-300x300.jpeg\" class=\"attachment-woocommerce_thumbnail size-woocommerce_thumbnail\" alt=\"\" srcset=\"https:\/\/boutiqueeventos.com.br\/site\/wp-content\/uploads\/2021\/02\/Portal-cerimonia-1-Copia-300x300.jpeg 300w, https:\/\/boutiqueeventos.com.br\/site\/wp-content\/uploads\/2021\/02\/Portal-cerimonia-1-Copia-150x150.jpeg 150w, https:\/\/boutiqueeventos.com.br\/site\/wp-content\/uploads\/2021\/02\/Portal-cerimonia-1-Copia-100x100.jpeg 100w\" sizes=\"(max-width: 300px) 100vw, 300px\" \/>            <\/span>\n        <\/a>\n\n\t\t<span class=\"add-to-cart-button-outer\"><span class=\"add-to-cart-button-inner\"><a href=\"https:\/\/boutiqueeventos.com.br\/site\/produto\/portal-de-entrada-para-cerimonia-ref-263790\/\" data-quantity=\"1\" class=\"button product_type_simple qbutton add-to-cart-button\" data-product_id=\"6018\" data-product_sku=\"\" aria-label=\"Leia mais sobre &ldquo;Portal de entrada para cerim\u00f4nia - REF 263790&rdquo;\" aria-describedby=\"\" rel=\"nofollow\">Leia mais<\/a><\/span><\/span>\n    <\/div>\n        <a itemprop=\"url\" href=\"https:\/\/boutiqueeventos.com.br\/site\/produto\/portal-de-entrada-para-cerimonia-ref-263790\/\" class=\"product-category product-info\">\n        <h6 itemprop=\"name\">Portal de entrada para cerim\u00f4nia &#8211; REF 263790<\/h6>\n\n        \n        \n    <\/a>\n\n    \n<\/li>\n\t<li class=\"product type-product post-6013 status-publish last instock product_cat-banco-em-madeira has-post-thumbnail featured shipping-taxable product-type-simple\">\n\t\t\n    <div class=\"top-product-section\">\n\n        <a itemprop=\"url\" href=\"https:\/\/boutiqueeventos.com.br\/site\/produto\/banco-retangular-em-madeira-cerimonia-ref-164443\/\" class=\"product-category\">\n            <span class=\"image-wrapper\">\n            <img loading=\"lazy\" decoding=\"async\" width=\"300\" height=\"300\" src=\"https:\/\/boutiqueeventos.com.br\/site\/wp-content\/uploads\/2021\/02\/banco-cerimonia-Copia-300x300.jpeg\" class=\"attachment-woocommerce_thumbnail size-woocommerce_thumbnail\" alt=\"\" srcset=\"https:\/\/boutiqueeventos.com.br\/site\/wp-content\/uploads\/2021\/02\/banco-cerimonia-Copia-300x300.jpeg 300w, https:\/\/boutiqueeventos.com.br\/site\/wp-content\/uploads\/2021\/02\/banco-cerimonia-Copia-150x150.jpeg 150w, https:\/\/boutiqueeventos.com.br\/site\/wp-content\/uploads\/2021\/02\/banco-cerimonia-Copia-100x100.jpeg 100w\" sizes=\"(max-width: 300px) 100vw, 300px\" \/>            <\/span>\n        <\/a>\n\n\t\t<span class=\"add-to-cart-button-outer\"><span class=\"add-to-cart-button-inner\"><a href=\"https:\/\/boutiqueeventos.com.br\/site\/produto\/banco-retangular-em-madeira-cerimonia-ref-164443\/\" data-quantity=\"1\" class=\"button product_type_simple qbutton add-to-cart-button\" data-product_id=\"6013\" data-product_sku=\"\" aria-label=\"Leia mais sobre &ldquo;Banco retangular em madeira - REF 164443&rdquo;\" aria-describedby=\"\" rel=\"nofollow\">Leia mais<\/a><\/span><\/span>\n    <\/div>\n        <a itemprop=\"url\" href=\"https:\/\/boutiqueeventos.com.br\/site\/produto\/banco-retangular-em-madeira-cerimonia-ref-164443\/\" class=\"product-category product-info\">\n        <h6 itemprop=\"name\">Banco retangular em madeira &#8211; REF 164443<\/h6>\n\n        \n        \n    <\/a>\n\n    \n<\/li><\/ul>\n<\/div>[\/vc_column][\/vc_row]<\/p>\n","protected":false},"excerpt":{"rendered":"<p>[vc_row css_animation=&#8221;&#8221; row_type=&#8221;row&#8221; use_row_as_full_screen_section=&#8221;no&#8221; type=&#8221;full_width&#8221; angled_section=&#8221;no&#8221; text_align=&#8221;left&#8221; background_image_as_pattern=&#8221;without_pattern&#8221; z_index=&#8221;&#8221;][vc_column][rev_slider_vc alias=&#8221;home-slider&#8221;][\/vc_column][\/vc_row][vc_row css_animation=&#8221;&#8221; row_type=&#8221;row&#8221; use_row_as_full_screen_section=&#8221;no&#8221; type=&#8221;full_width&#8221; angled_section=&#8221;no&#8221; text_align=&#8221;left&#8221; background_image_as_pattern=&#8221;without_pattern&#8221; padding_top=&#8221;43&#8243; padding_bottom=&#8221;3&#8243; css=&#8221;.vc_custom_1517397682467{background-color: #ffffff !important;}&#8221; z_index=&#8221;&#8221;][vc_column][qode_clients columns=&#8221;six_columns&#8221; hover_effect=&#8221;switch_img&#8221; switch_effect=&#8221;switch_fade&#8221; disable_separators=&#8221;yes&#8221;][\/qode_clients][\/vc_column][\/vc_row][vc_row css_animation=&#8221;&#8221; row_type=&#8221;row&#8221; use_row_as_full_screen_section=&#8221;no&#8221; type=&#8221;grid&#8221; angled_section=&#8221;no&#8221; text_align=&#8221;left&#8221; background_image_as_pattern=&#8221;without_pattern&#8221; padding_top=&#8221;111&#8243; padding_bottom=&#8221;107&#8243; z_index=&#8221;&#8221;][vc_column][vc_row_inner row_type=&#8221;row&#8221; type=&#8221;full_width&#8221; text_align=&#8221;left&#8221; css_animation=&#8221;&#8221;][vc_column_inner offset=&#8221;vc_col-md-4&#8243;][qode_elements_holder number_of_columns=&#8221;one_column&#8221;][qode_elements_holder_item item_padding=&#8221;0px 0px&#8230;<\/p>\n","protected":false},"author":1,"featured_media":0,"parent":0,"menu_order":0,"comment_status":"closed","ping_status":"closed","template":"full_width.php","meta":{"footnotes":""},"_links":{"self":[{"href":"https:\/\/boutiqueeventos.com.br\/site\/wp-json\/wp\/v2\/pages\/77"}],"collection":[{"href":"https:\/\/boutiqueeventos.com.br\/site\/wp-json\/wp\/v2\/pages"}],"about":[{"href":"https:\/\/boutiqueeventos.com.br\/site\/wp-json\/wp\/v2\/types\/page"}],"author":[{"embeddable":true,"href":"https:\/\/boutiqueeventos.com.br\/site\/wp-json\/wp\/v2\/users\/1"}],"replies":[{"embeddable":true,"href":"https:\/\/boutiqueeventos.com.br\/site\/wp-json\/wp\/v2\/comments?post=77"}],"version-history":[{"count":9,"href":"https:\/\/boutiqueeventos.com.br\/site\/wp-json\/wp\/v2\/pages\/77\/revisions"}],"predecessor-version":[{"id":1560,"href":"https:\/\/boutiqueeventos.com.br\/site\/wp-json\/wp\/v2\/pages\/77\/revisions\/1560"}],"wp:attachment":[{"href":"https:\/\/boutiqueeventos.com.br\/site\/wp-json\/wp\/v2\/media?parent=77"}],"curies":[{"name":"wp","href":"https:\/\/api.w.org\/{rel}","templated":true}]}}